{"id":12,"date":"2021-05-22T04:37:06","date_gmt":"2021-05-22T04:37:06","guid":{"rendered":"https:\/\/iesaa.eu\/pt\/?page_id=12"},"modified":"2023-04-02T10:18:00","modified_gmt":"2023-04-02T10:18:00","slug":"sobre-nos","status":"publish","type":"page","link":"https:\/\/iesaa.eu\/pt\/sobre-nos\/","title":{"rendered":"Sobre n\u00f3s"},"content":{"rendered":"<div class=\"sub-contents\">\n<div class=\"page-heading\">\n<h1 class=\"display-3\">Quem somos<\/h1>\n<\/p><\/div>\n<section class=\"page-section\">\n<div class=\"container\">\n<div class=\"row\">\n<div class=\"col-md-6\">\n<h2>N\u00f3s promovemos<br \/>\n                        <span class=\"text-muted text-thin\"><br \/>\n                            <br \/>&bull;transfer\u00eancia de conhecimento<br \/>\n                            <br \/>&bull;coopera\u00e7\u00e3o<br \/>\n                            <br \/>&bull;troca de ideias<br \/>\n                            <br \/>&bull;projetos de solidariedade social<br \/>\n                            <br \/>&bull;ci\u00eancia, artes e cultura<br \/>\n                        <\/span><br \/>\n                    <\/h2>\n<\/p><\/div>\n<div class=\"col-md-6\">\n<p class=\"text-justify\">\n                        A Associa\u00e7\u00e3o Indo-Europeia de Ci\u00eancias e Artes (AIECA) \u00e9 uma associa\u00e7\u00e3o sem fins lucrativos e que tem como objeto social, promover o desenvolvimento e a divulga\u00e7\u00e3o da investiga\u00e7\u00e3o cient\u00edfica, tecnol\u00f3gica e art\u00edstica nas diversas \u00e1reas em que incide a sua atividade, visando a partilha do saber e a interliga\u00e7\u00e3o das comunidades de Portugal, Europa e \u00cdndia, a promo\u00e7\u00e3o dos direitos e interesses espec\u00edficos dos migrantes e da solidariedade social. A Associa\u00e7\u00e3o \u00e9 constitu\u00edda por membros das mais diversas esferas da sociedade, unindo origens de natureza Portuguesa e Indiana e com conhecimento e experi\u00eancias que agregam uma vis\u00e3o e sinergias interessantes que permitir\u00e3o alavancar os objetivos da associa\u00e7\u00e3o e nunca esquecendo o pressuposto de que a evolu\u00e7\u00e3o cultural \u00e9 crucial para o crescimento e forma\u00e7\u00e3o do indiv\u00edduo numa sociedade global que se pretende que seja integrada e intelectual.\n                    <\/p>\n<\/p><\/div>\n<\/p><\/div>\n<\/p><\/div>\n<\/section>\n<hr \/>\n<section class=\"page-section\" id=\"social-bodies\">\n<div class=\"container\">\n<h3 class=\"m-4 mt-md-0 text-center\">Corpos Sociais<\/h3>\n<h4 class=\"text-center color-secondary\">Assembleia Geral<\/h4>\n<div class=\"row justify-content-md-center dp-list\">\n<div class=\"col-md-3 dp-item\">\n                    <a href=\"#dp\" data-toggle=\"modal\" data-target=\"#bio-annslf\"><\/p>\n<div class=\"dp\" data-aos=\"zoom-in\">\n                            <img decoding=\"async\" src=\"\/wp-content\/themes\/iesaa\/assets\/img\/dp\/dp.jpg\" alt=\"\"><\/p>\n<div class=\"bio\"><i class=\"icon far fa-id-badge \"><\/i><br \/>Bio<\/div>\n<\/p><\/div>\n<p>                    <\/a><\/p>\n<h6>Presidente <br \/>Ana S\u00f3nia Louren\u00e7o Ferreira<\/h6>\n<\/p><\/div>\n<div class=\"col-md-3 dp-item\">\n                    <a href=\"#dp\" data-toggle=\"modal\" data-target=\"#bio-josem\"><\/p>\n<div class=\"dp\" data-aos=\"zoom-in\">\n                            <img decoding=\"async\" src=\"\/wp-content\/themes\/iesaa\/assets\/img\/dp\/josec.jpg\" alt=\"\"><\/p>\n<div class=\"bio\"><i class=\"icon far fa-id-badge \"><\/i><br \/>Bio<\/div>\n<\/p><\/div>\n<p>                    <\/a><\/p>\n<h6>Vice-Presidente <br \/>Jos\u00e9 Manuel Vieira Casinha<\/h6>\n<\/p><\/div>\n<div class=\"col-md-3 dp-item\">\n                    <a href=\"#dp\" data-toggle=\"modal\" data-target=\"#bio-antoniofar\"><\/p>\n<div class=\"dp\" data-aos=\"zoom-in\">\n                            <img decoding=\"async\" src=\"\/wp-content\/themes\/iesaa\/assets\/img\/dp\/antoniod.jpg\" alt=\"\"><\/p>\n<div class=\"bio\"><i class=\"icon far fa-id-badge \"><\/i><br \/>Bio<\/div>\n<\/p><\/div>\n<p>                    <\/a><\/p>\n<h6>Secret\u00e1rio <br \/>Ant\u00f3nio Francisco de Almeida Rodrigues<\/h6>\n<\/p><\/div>\n<\/p><\/div>\n<h4 class=\"text-center color-secondary mt-5\">Dire\u00e7\u00e3o<\/h4>\n<div class=\"row justify-content-md-center dp-list\">\n<div class=\"col-md-3 dp-item\">\n                    <a href=\"#dp\" data-toggle=\"modal\" data-target=\"#bio-hirenc\"><\/p>\n<div class=\"dp\" data-aos=\"zoom-in\">\n                            <img decoding=\"async\" src=\"\/wp-content\/themes\/iesaa\/assets\/img\/dp\/hirenc.jpg\" alt=\"\"><\/p>\n<div class=\"bio\"><i class=\"icon far fa-id-badge \"><\/i><br \/>Bio<\/div>\n<\/p><\/div>\n<p>                    <\/a><\/p>\n<h6>Presidente <br \/>\n                        Hiren Canacsinh<\/h6>\n<\/p><\/div>\n<div class=\"col-md-3 dp-item\">\n                        <a href=\"#dp\" data-toggle=\"modal\" data-target=\"#bio-surajp\">\t <\/p>\n<div class=\"dp\" data-aos=\"zoom-in\">\n\t\t\t\t\t\t\t\t<img decoding=\"async\" src=\"\/wp-content\/themes\/iesaa\/assets\/img\/dp\/surajp.jpg\" alt=\"\"><br \/>\n\t\t\t\t\t\t\t\t<!-- \n\n<div class=\"bio\"><i class=\"icon far fa-id-badge \"><\/i><br \/>Bio<\/div>\n\n -->\n\t\t\t\t\t\t\t<\/div>\n<p>                        <\/a><\/p>\n<h6>Vice-Presidente <br \/>\t<br \/>\n\t\t\t\t\t\t\tSuraj Prakash<\/h6>\n<\/p><\/div>\n<div class=\"col-md-3 dp-item\">\n                    <a href=\"#dp\" data-toggle=\"modal\" data-target=\"#bio-shivan\"><\/p>\n<div class=\"dp\" data-aos=\"zoom-in\">\n                            <img decoding=\"async\" src=\"\/wp-content\/themes\/iesaa\/assets\/img\/dp\/shivan.jpg\" alt=\"\"><\/p>\n<div class=\"bio\"><i class=\"icon far fa-id-badge \"><\/i><br \/>Bio<\/div>\n<\/p><\/div>\n<p>                    <\/a><\/p>\n<h6>Vice-Presidente <br \/>\n                        Shiva Nand Tripathi<\/h6>\n<\/p><\/div>\n<div class=\"col-md-3 dp-item\">\n                    <a href=\"#dp\" data-toggle=\"modal\" data-target=\"#bio-joacd\"><\/p>\n<div class=\"dp\" data-aos=\"zoom-in\">\n                            <img decoding=\"async\" src=\"\/wp-content\/themes\/iesaa\/assets\/img\/dp\/dp.jpg\" alt=\"\"><br \/>\n                            <!-- \n\n<div class=\"bio\"><i class=\"icon far fa-id-badge \"><\/i><br \/>Bio<\/div>\n\n -->\n                        <\/div>\n<p>                    <\/a><\/p>\n<h6>Vice-Presidente <br \/>\n                        Jo\u00e3o Carlos Dias<\/h6>\n<\/p><\/div>\n<div class=\"col-md-3 dp-item\">\n                    <a href=\"#dp\" data-toggle=\"modal\" data-target=\"#bio-guirishv\"><\/p>\n<div class=\"dp\" data-aos=\"zoom-in\">\n                            <img decoding=\"async\" src=\"\/wp-content\/themes\/iesaa\/assets\/img\/dp\/guirishv.jpg\" alt=\"\"><\/p>\n<div class=\"bio\"><i class=\"icon far fa-id-badge \"><\/i><br \/>Bio<\/div>\n<\/p><\/div>\n<p>                    <\/a><\/p>\n<h6>Vice-Presidente <br \/>\n                        Guirish Vaguela<\/h6>\n<\/p><\/div>\n<div class=\"col-md-3 dp-item\">\n                    <a href=\"#dp\" data-toggle=\"modal\" data-target=\"#bio-bijalm\"><\/p>\n<div class=\"dp\" data-aos=\"zoom-in\">\n                            <img decoding=\"async\" src=\"\/wp-content\/themes\/iesaa\/assets\/img\/dp\/bijalm.jpg\" alt=\"\"><\/p>\n<div class=\"bio\"><i class=\"icon far fa-id-badge \"><\/i><br \/>Bio<\/div>\n<\/p><\/div>\n<p>                    <\/a><\/p>\n<h6>Vogal <br \/>\n                        Bijal Himatlal Modi<\/h6>\n<\/p><\/div>\n<div class=\"col-md-3 dp-item\">\n                    <a href=\"#dp\" data-toggle=\"modal\" data-target=\"#bio-rajeshreev\"><\/p>\n<div class=\"dp\" data-aos=\"zoom-in\">\n                            <img decoding=\"async\" src=\"\/wp-content\/themes\/iesaa\/assets\/img\/dp\/rajeshreev.jpg\" alt=\"\"><\/p>\n<div class=\"bio\"><i class=\"icon far fa-id-badge \"><\/i><br \/>Bio<\/div>\n<\/p><\/div>\n<p>                    <\/a><\/p>\n<h6>Vogal <br \/>\n                        Rajeshree Amratlal Vanza Vaguela<\/h6>\n<\/p><\/div>\n<div class=\"col-md-3 dp-item\">\n                    <a href=\"#dp\" data-toggle=\"modal\" data-target=\"#bio-joaol\"><\/p>\n<div class=\"dp\" data-aos=\"zoom-in\">\n                            <img decoding=\"async\" src=\"\/wp-content\/themes\/iesaa\/assets\/img\/dp\/joaol.jpg\" alt=\"\"><\/p>\n<div class=\"bio\"><i class=\"icon far fa-id-badge \"><\/i><br \/>Bio<\/div>\n<\/p><\/div>\n<p>                    <\/a><\/p>\n<h6>Vogal <br \/>\n                        Jo\u00e3o Herm\u00ednio Ninitas Lagarto<\/h6>\n<\/p><\/div>\n<div class=\"col-md-3 dp-item\">\n                    <a href=\"#dp\" data-toggle=\"modal\" data-target=\"#bio-sergiomrf\"><\/p>\n<div class=\"dp\" data-aos=\"zoom-in\">\n                            <img decoding=\"async\" src=\"\/wp-content\/themes\/iesaa\/assets\/img\/dp\/sergiofaias.jpg\" alt=\"\"><\/p>\n<div class=\"bio\"><i class=\"icon far fa-id-badge \"><\/i><br \/>Bio<\/div>\n<\/p><\/div>\n<p>                    <\/a><\/p>\n<h6>Vogal <br \/>\n                        S\u00e9rgio Miguel Redondo Faias<\/h6>\n<\/p><\/div>\n<div class=\"col-md-3 dp-item\">\n                    <a href=\"#dp\" data-toggle=\"modal\" data-target=\"#bio-himatlalp\"><\/p>\n<div class=\"dp\" data-aos=\"zoom-in\">\n                            <img decoding=\"async\" src=\"\/wp-content\/themes\/iesaa\/assets\/img\/dp\/himatlalp.jpg\" alt=\"\"><\/p>\n<div class=\"bio\"><i class=\"icon far fa-id-badge \"><\/i><br \/>Bio<\/div>\n<\/p><\/div>\n<p>                    <\/a><\/p>\n<h6>Tesoureiro <br \/>\n                        Himatlal Parshotam<\/h6>\n<\/p><\/div>\n<div class=\"col-md-3 dp-item\">\n                    <a href=\"#dp\" data-toggle=\"modal\" data-target=\"#bio-anjalia\"><\/p>\n<div class=\"dp\" data-aos=\"zoom-in\">\n                            <img decoding=\"async\" src=\"\/wp-content\/themes\/iesaa\/assets\/img\/dp\/anjalia.jpg\" alt=\"\"><\/p>\n<div class=\"bio\"><i class=\"icon far fa-id-badge \"><\/i><br \/>Bio<\/div>\n<\/p><\/div>\n<p>                    <\/a><\/p>\n<h6>Secret\u00e1rio <br \/>\n                        Anjali Ariscrisna<\/h6>\n<\/p><\/div>\n<\/p><\/div>\n<h4 class=\"text-center color-secondary mt-5\">Conselho Fiscal<\/h4>\n<div class=\"row justify-content-md-center dp-list\">\n<div class=\"col-md-3 dp-item\">\n                    <a href=\"#dp\" data-toggle=\"modal\" data-target=\"#bio-anterom\"><\/p>\n<div class=\"dp\" data-aos=\"zoom-in\">\n                            <img decoding=\"async\" src=\"\/wp-content\/themes\/iesaa\/assets\/img\/dp\/anterom.jpg\" alt=\"\"><\/p>\n<div class=\"bio\"><i class=\"icon far fa-id-badge \"><\/i><br \/>Bio<\/div>\n<\/p><\/div>\n<p>                    <\/a><\/p>\n<h6>Presidente <br \/>Antero Marques<\/h6>\n<\/p><\/div>\n<div class=\"col-md-3 dp-item\">\n                    <a href=\"#dp\" data-toggle=\"modal\" data-target=\"#bio-josems\"><\/p>\n<div class=\"dp\" data-aos=\"zoom-in\">\n                            <img decoding=\"async\" src=\"\/wp-content\/themes\/iesaa\/assets\/img\/dp\/dp.jpg\" alt=\"\"><\/p>\n<div class=\"bio\"><i class=\"icon far fa-id-badge \"><\/i><br \/>Bio<\/div>\n<\/p><\/div>\n<p>                    <\/a><\/p>\n<h6>Vice-Presidente <br \/>\n                        Jos\u00e9 Manuel Sim\u00f5es<\/h6>\n<\/p><\/div>\n<div class=\"col-md-3 dp-item\">\n                    <a href=\"#dp\" data-toggle=\"modal\" data-target=\"#bio-josea\"><\/p>\n<div class=\"dp\" data-aos=\"zoom-in\">\n                            <img decoding=\"async\" src=\"\/wp-content\/themes\/iesaa\/assets\/img\/dp\/josea.jpg\" alt=\"\"><\/p>\n<div class=\"bio\"><i class=\"icon far fa-id-badge \"><\/i><br \/>Bio<\/div>\n<\/p><\/div>\n<p>                    <\/a><\/p>\n<h6>Secret\u00e1rio<br \/>\n                        Jos\u00e9 J\u00falio de Jesus Agostinho<\/h6>\n<\/p><\/div>\n<\/p><\/div>\n<\/p><\/div>\n<p>        <!-- Bio details --><\/p>\n<div class=\"portfolio-modal modal fade\" id=\"bio-annslf\" tabindex=\"-1\" role=\"dialog\"\n            aria-labelledby=\"portfolioModal6Label\" aria-hidden=\"true\"><\/p>\n<div class=\"modal-dialog modal-md\" role=\"document\">\n<div class=\"modal-content\">\n                    <button class=\"close \" type=\"button\" data-dismiss=\"modal\" aria-label=\"Close\"><br \/>\n                        <span aria-hidden=\"true\"><i class=\"fas fa-times\"><\/i><\/span><br \/>\n                    <\/button><\/p>\n<div class=\"modal-body\">\n<div class=\"container\">\n<h3 class=\"portfolio-modal-title text-primary text-uppercase mt-3 mb-4 text-center\">S\u00f3nia<br \/>\n                                Ferreira <\/h2>\n<p class=\"text-justify\">\n                                    S\u00f3nia Ferreira, nasceu em Lisboa, Portugal. Licenciou-se em Direito pela Faculdade de Direito da Universidade Lus\u00edada de Lisboa em 2001. De 2001 a 2003, fez o est\u00e1gio profissional em Advocacia. Encontra-se inscrita na Ordem dos Advogados Portuguesa, desde 2001. Exerce de forma ininterrupta e a tempo inteiro, a atividade de Advogada desde 2003. \u00c9 Respons\u00e1vel pelo Departamento Jur\u00eddico de grupo de empresas na Ind\u00fastria Farmac\u00eautica desde 2006. Destacam-se as habilidades lingu\u00edsticas em Ingl\u00eas e Castelhano. Como hobbies gosta de estar com a fam\u00edlia e amigos, viajar, ler e praticar desporto.\n                                <\/p>\n<\/p><\/div>\n<\/p><\/div>\n<\/p><\/div>\n<\/p><\/div>\n<\/p><\/div>\n<div class=\"portfolio-modal modal fade\" id=\"bio-josem\" tabindex=\"-1\" role=\"dialog\"\n            aria-labelledby=\"portfolioModal6Label\" aria-hidden=\"true\"><\/p>\n<div class=\"modal-dialog modal-md\" role=\"document\">\n<div class=\"modal-content\">\n                    <button class=\"close \" type=\"button\" data-dismiss=\"modal\" aria-label=\"Close\"><br \/>\n                        <span aria-hidden=\"true\"><i class=\"fas fa-times\"><\/i><\/span><br \/>\n                    <\/button><\/p>\n<div class=\"modal-body\">\n<div class=\"container\">\n<div class=\"dp\">\n                                <img decoding=\"async\" src=\"\/wp-content\/themes\/iesaa\/assets\/img\/dp\/josec.jpg\" alt=\"\">\n                            <\/div>\n<h3 class=\"portfolio-modal-title text-primary text-uppercase mt-3 mb-4 text-center\">Jos\u00e9<br \/>\n                                Manuel Vieira Casinha <\/h3>\n<p class=\"text-justify\">\n                                Jos\u00e9 \u00e9 Licenciado em Inform\u00e1tica, possui um MBA e v\u00e1rias certifica\u00e7\u00f5es do sector das Tecnologias de Informa\u00e7\u00e3o (TI). Jos\u00e9 Casinha possui mais de 20 anos no sector das Tecnologias de Informa\u00e7\u00e3o e da Comunica\u00e7\u00e3o em prestadores de servi\u00e7os de Telecomunica\u00e7\u00f5es e de Tecnologias de Informa\u00e7\u00e3o. Possui experi\u00eancia em projetos de solu\u00e7\u00f5es de tecnologia, servi\u00e7os geridos e de compliance para organismos p\u00fablicos e privados. Experi\u00eancia em Auditoria e\/ou Consultoria nas \u00e1reas de Seguran\u00e7a de Informa\u00e7\u00e3o, Continuidade de Neg\u00f3cio, Gest\u00e3o de servi\u00e7os de TI e Gest\u00e3o de Risco. O Jos\u00e9 adora o ver\u00e3o e o mar. A tecnologia, todo-o-terreno, viajar, cozinhar e agricultura s\u00e3o alguns dos seus hobbies.\n                            <\/p>\n<\/p><\/div>\n<\/p><\/div>\n<\/p><\/div>\n<\/p><\/div>\n<\/p><\/div>\n<div class=\"portfolio-modal modal fade\" id=\"bio-antoniofar\" tabindex=\"-1\" role=\"dialog\"\n            aria-labelledby=\"portfolioModal6Label\" aria-hidden=\"true\"><\/p>\n<div class=\"modal-dialog modal-md\" role=\"document\">\n<div class=\"modal-content\">\n                    <button class=\"close \" type=\"button\" data-dismiss=\"modal\" aria-label=\"Close\"><br \/>\n                        <span aria-hidden=\"true\"><i class=\"fas fa-times\"><\/i><\/span><br \/>\n                    <\/button><\/p>\n<div class=\"modal-body\">\n<div class=\"container\">\n<div class=\"dp\">\n                                <img decoding=\"async\" src=\"\/wp-content\/themes\/iesaa\/assets\/img\/dp\/antoniod.jpg\" alt=\"\">\n                            <\/div>\n<h3 class=\"portfolio-modal-title text-primary text-uppercase mt-3 mb-4 text-center\">Ant\u00f3nio<br \/>\n                                Francisco de Almeida Rodrigues<\/h2>\n<p class=\"text-justify\">\n                                    Ant\u00f3nio Francisco de Almeida Rodrigues Domingos nasceu em Lisboa, Portugal. Licenciou-se em Finan\u00e7as pelo Instituto Superior de Economia e Gest\u00e3o, antigo ISCEF. Est\u00e1 inscrito na Ordem dos Economistas com o n\u00ba de C\u00e9dula Profissional 836. Est\u00e1 inscrito na Ordem dos Contabilistas Certificados com o n\u00ba de C\u00e9dula Profissional 4134. Ap\u00f3s ter exercido, desde 1973, a sua profiss\u00e3o em v\u00e1rias empresas, dedicou-se, a partir de 1986 \u00e0 \u00e1rea da Consultoria Econ\u00f3mica e Financeira e Contabil\u00edstica. \u00c9 s\u00f3cio de empresas de consultoria nas \u00e1reas referidas, tendo particular interesse pelas \u00e1reas financeira e fiscal. Pertence igualmente a v\u00e1rias associa\u00e7\u00f5es de car\u00e1cter cultural e humanit\u00e1rio. Como hobbies, gosta de ler e escrever e de participar em tert\u00falias dedicadas igualmente a assuntos culturais e humanit\u00e1rios.\n                                <\/p>\n<\/p><\/div>\n<\/p><\/div>\n<\/p><\/div>\n<\/p><\/div>\n<\/p><\/div>\n<div class=\"portfolio-modal modal fade\" id=\"bio-hirenc\" tabindex=\"-1\" role=\"dialog\"\n            aria-labelledby=\"portfolioModal6Label\" aria-hidden=\"true\"><\/p>\n<div class=\"modal-dialog modal-md\" role=\"document\">\n<div class=\"modal-content\">\n                    <button class=\"close \" type=\"button\" data-dismiss=\"modal\" aria-label=\"Close\"><br \/>\n                        <span aria-hidden=\"true\"><i class=\"fas fa-times\"><\/i><\/span><br \/>\n                    <\/button><\/p>\n<div class=\"modal-body\">\n<div class=\"container\">\n<div class=\"dp\">\n                                <img decoding=\"async\" src=\"\/wp-content\/themes\/iesaa\/assets\/img\/dp\/hirenc.jpg\" alt=\"\">\n                            <\/div>\n<h3 class=\"portfolio-modal-title text-primary text-uppercase mt-3 mb-4 text-center\"> Hiren<br \/>\n                                Canacsinh<\/h2>\n<p class=\"text-justify\">\n                                    Hiren Canacsinh nasceu em Inhambane, Mo\u00e7ambique. Recebeu o diploma de Doutor com Distin\u00e7\u00e3o em Engenharia Eletrot\u00e9cnica e de Computadores pelo Instituto Superior T\u00e9cnico da Universidade de Lisboa (IST-UL), Portugal, em 2015. Atualmente \u00e9 Professor Adjunto no Instituto Superior de Engenharia de Lisboa. Leciona as unidades curriculares de Eletr\u00f3nica de Pot\u00eancia, Sistemas Digitais, Eletr\u00f3nica de Regula\u00e7\u00e3o e Comando e Fundamentos de Pot\u00eancia Pulsada dos cursos de Licenciatura e Mestrado em Engenharia Eletrot\u00e9cnica. As suas principais \u00e1reas de investiga\u00e7\u00e3o s\u00e3o a Eletr\u00f3nica de Pot\u00eancia e Sistemas de Pot\u00eancia Pulsada. \u00c9 Investigador Integrado no Instituto de Engenharia de Sistemas e Computadores Investiga\u00e7\u00e3o e Desenvolvimento em Lisboa (INESC-ID). Como hobby, gosta de estar com fam\u00edlia e amigos. Como desporto, gosta de jogar badminton e t\u00e9nis-de-mesa.\n                                <\/p>\n<\/p><\/div>\n<\/p><\/div>\n<\/p><\/div>\n<\/p><\/div>\n<\/p><\/div>\n<div class=\"portfolio-modal modal fade\" id=\"bio-shivan\" tabindex=\"-1\" role=\"dialog\"\n            aria-labelledby=\"portfolioModal6Label\" aria-hidden=\"true\"><\/p>\n<div class=\"modal-dialog modal-md\" role=\"document\">\n<div class=\"modal-content\">\n                    <button class=\"close \" type=\"button\" data-dismiss=\"modal\" aria-label=\"Close\"><br \/>\n                        <span aria-hidden=\"true\"><i class=\"fas fa-times\"><\/i><\/span><br \/>\n                    <\/button><\/p>\n<div class=\"modal-body\">\n<div class=\"container\">\n<div class=\"dp\">\n                                <img decoding=\"async\" src=\"\/wp-content\/themes\/iesaa\/assets\/img\/dp\/shivan.jpg\" alt=\"\">\n                            <\/div>\n<h3 class=\"portfolio-modal-title text-primary text-uppercase mt-3 mb-4 text-center\"> Shiva<br \/>\n                                Nand Tripathi<\/h2>\n<p class=\"text-justify\">\n                                    Shiva Nand Tripathi nasceu numa pequena vila no estado de Utrapradesh, \u00cdndia. Vive em Portugal h\u00e1 mais de 15 anos e trabalha atualmente numa empresa de Servi\u00e7os Financeiros na \u00e1rea das Tecnologias de Informa\u00e7\u00e3o. Aos seus 45 anos de idade, sente que a sua vida tem sido uma viagem maravilhosa, para quem cresceu numa pequena vila na \u00cdndia, que s\u00f3 viu a eletricidade aos 8 anos de idade e que s\u00f3 soube o que era um computador aos 22 anos de idade. Tem sido uma transforma\u00e7\u00e3o desde ent\u00e3o, tendo obtido o grau de Mestre em Tecnologias de Informa\u00e7\u00e3o e desenvolveu a sua carreira profissional numa \u00e1rea na qual s\u00f3 ouviu falar aos 22 anos de idade. O seu trabalho \u00e9 o seu hobby e quando n\u00e3o se encontra a trabalhar, gosta de estar com a fam\u00edlia e amigos, ver filmes Bollywood e de passear pelas ruas de Lisboa e descobrir os encantos que a cidade de Lisboa oferece. Como desporto aprecia ver jogos de cricket, e gosta de jogar badminton, t\u00e9nis de mesa e xadrez.\n                                <\/p>\n<\/p><\/div>\n<\/p><\/div>\n<\/p><\/div>\n<\/p><\/div>\n<\/p><\/div>\n<div class=\"portfolio-modal modal fade\" id=\"bio-guirishv\" tabindex=\"-1\" role=\"dialog\"\n            aria-labelledby=\"portfolioModal6Label\" aria-hidden=\"true\"><\/p>\n<div class=\"modal-dialog modal-md\" role=\"document\">\n<div class=\"modal-content\">\n                    <button class=\"close \" type=\"button\" data-dismiss=\"modal\" aria-label=\"Close\"><br \/>\n                        <span aria-hidden=\"true\"><i class=\"fas fa-times\"><\/i><\/span><br \/>\n                    <\/button><\/p>\n<div class=\"modal-body\">\n<div class=\"container\">\n<div class=\"dp\">\n                                <img decoding=\"async\" src=\"\/wp-content\/themes\/iesaa\/assets\/img\/dp\/guirishv.jpg\" alt=\"\">\n                            <\/div>\n<h3 class=\"portfolio-modal-title text-primary text-uppercase mt-3 mb-4 text-center\"> Guirish<br \/>\n                                Vaguela<\/h2>\n<p class=\"text-justify\">\n                                    Guirish Vaguela (ou Girish Waghela) nasceu em Marg\u00e3o, Goa, \u00cdndia, mas desde novo foi para Louren\u00e7o Marques, Mo\u00e7ambique onde completou a escolaridade b\u00e1sica, Fez um B. Sc. (Microbiologia) na Gujarat University, Ahmedabad e um M. Sc. (Bioqu\u00edmica) na M. S. University, Baroda, \u00cdndia. Em Portugal desde 1982, o seu trabalho levou-o a obter conhecimentos na \u00e1rea das Ci\u00eancias da Computa\u00e7\u00e3o, mais especificamente no Desenvolvimento de Software em que tem trabalhado nos \u00faltimos 40 anos em v\u00e1rios projetos de Software ligados \u00e0 ind\u00fastria do Cal\u00e7ado (desde o Fabrico ao Retalho), \u00e0 ind\u00fastria Farmac\u00eautica (Comunica\u00e7\u00f5es) e at\u00e9 ao Imobili\u00e1rio (Consultadoria). Presentemente \u00e9 S\u00f3cio na KSI (Kyaia Solu\u00e7\u00f5es Inform\u00e1ticas) onde chefia a Divis\u00e3o de Desenvolvimento. Outros interesses incluem Literatura (em Portugu\u00eas em Ingl\u00eas e em L\u00ednguas Indianas) e Genealogia (ele mant\u00e9m um site com a \u00c1rvore Geneal\u00f3gica da sua Fam\u00edlia e das suas rela\u00e7\u00f5es!) e foi um dos membros fundadores da ISHA Artes (uma organiza\u00e7\u00e3o sem fins lucrativos que trabalha na promo\u00e7\u00e3o da Cultura Indiana).\n                                <\/p>\n<\/p><\/div>\n<\/p><\/div>\n<\/p><\/div>\n<\/p><\/div>\n<\/p><\/div>\n<div class=\"portfolio-modal modal fade\" id=\"bio-bijalm\" tabindex=\"-1\" role=\"dialog\"\n            aria-labelledby=\"portfolioModal6Label\" aria-hidden=\"true\"><\/p>\n<div class=\"modal-dialog modal-md\" role=\"document\">\n<div class=\"modal-content\">\n                    <button class=\"close \" type=\"button\" data-dismiss=\"modal\" aria-label=\"Close\"><br \/>\n                        <span aria-hidden=\"true\"><i class=\"fas fa-times\"><\/i><\/span><br \/>\n                    <\/button><\/p>\n<div class=\"modal-body\">\n<div class=\"container\">\n<div class=\"dp\">\n                                <img decoding=\"async\" src=\"\/wp-content\/themes\/iesaa\/assets\/img\/dp\/bijalm.jpg\" alt=\"\">\n                            <\/div>\n<h3 class=\"portfolio-modal-title text-primary text-uppercase mt-3 mb-4 text-center\"> Bijal<br \/>\n                                Himatlal Modi<\/h2>\n<p class=\"text-justify\">\n                                    Bijal Himatlal Modi nasceu em Maputo, Mo\u00e7ambique. \u00c9 licenciada em Farm\u00e1cia pelo Instituto Superior de Ci\u00eancias e Tecnologia de Mo\u00e7ambique. Fez uma p\u00f3s-gradua\u00e7\u00e3o (MBA) em Administra\u00e7\u00e3o de Empresas no ISCTE-Executive Education, Lisboa. Em Mo\u00e7ambique, trabalhou como diretora t\u00e9cnica no Instituto do Cora\u00e7\u00e3o de Mo\u00e7ambique (ICOR) e como diretora t\u00e9cnico-regulamentar na Medis Farmac\u00eautica, Lda. Atualmente est\u00e1 a trabalhar na \u00e1rea de Garantia da Qualidade na Sofarimex &#8211; Ind\u00fastria Qu\u00edmica e Farmac\u00eautica, Lisboa. Tem como interesses a dan\u00e7a, a m\u00fasica e a gastronomia.\n                                <\/p>\n<\/p><\/div>\n<\/p><\/div>\n<\/p><\/div>\n<\/p><\/div>\n<\/p><\/div>\n<div class=\"portfolio-modal modal fade\" id=\"bio-rajeshreev\" tabindex=\"-1\" role=\"dialog\"\n            aria-labelledby=\"portfolioModal6Label\" aria-hidden=\"true\"><\/p>\n<div class=\"modal-dialog modal-md\" role=\"document\">\n<div class=\"modal-content\">\n                    <button class=\"close \" type=\"button\" data-dismiss=\"modal\" aria-label=\"Close\"><br \/>\n                        <span aria-hidden=\"true\"><i class=\"fas fa-times\"><\/i><\/span><br \/>\n                    <\/button><\/p>\n<div class=\"modal-body\">\n<div class=\"container\">\n<div class=\"dp\">\n                                <img decoding=\"async\" src=\"\/wp-content\/themes\/iesaa\/assets\/img\/dp\/rajeshreev.jpg\" alt=\"\">\n                            <\/div>\n<h3 class=\"portfolio-modal-title text-primary text-uppercase mt-3 mb-4 text-center\">\n                                Rajeshree Amratlal Vanza Vaguela<\/h2>\n<p class=\"text-justify\">\n                                    Rajeshree Amratlal Vanza Vaguela nasceu em Tanga, Tanz\u00e2nia. Estudou em Tanga, a crescer num ambiente multicultural, multireligioso e multil\u00edngue. Tendo estudado Ci\u00eancias e treinado como professora, lecionou Biologia no ensino secund\u00e1rio e tamb\u00e9m trabalhou como t\u00e9cnica num laborat\u00f3rio de an\u00e1lises cl\u00ednicas antes de emigrar para Portugal. A sua aptid\u00e3o para l\u00ednguas &#8211; Kiswahili, Gujarati, Hindi, al\u00e9m de Ingl\u00eas e Portugu\u00eas &#8211; tanto falado como escrito, tem-na guiado para a sua profiss\u00e3o atual como Int\u00e9rprete e Tradutora para v\u00e1rias entidades governamentais portuguesas e outras institui\u00e7\u00f5es. Tem realizado eventos de divulga\u00e7\u00e3o das l\u00ednguas Gujarati e Hindi e workshops de culin\u00e1ria. Outros interesses incluem a Dan\u00e7a Cl\u00e1ssica indiana &#8211; Kathak na qual tem participado em aulas semanais. Tem, desde a sua juventude, participado em associa\u00e7\u00f5es humanit\u00e1rias como Interact e Rotaract. Tamb\u00e9m participou em projetos da Religious Youth Service na Pol\u00f3nia e Hungria. \u00c9 um dos membros fundadores da Isha Artes que promove o interc\u00e2mbio cultural entre a \u00cdndia e Portugal. Ela \u00e9 uma leitora \u00e1vida de Gujarati, Hindi, Ingl\u00eas e Portugu\u00eas.\n                                <\/p>\n<\/p><\/div>\n<\/p><\/div>\n<\/p><\/div>\n<\/p><\/div>\n<\/p><\/div>\n<div class=\"portfolio-modal modal fade\" id=\"bio-joaol\" tabindex=\"-1\" role=\"dialog\"\n            aria-labelledby=\"portfolioModal6Label\" aria-hidden=\"true\"><\/p>\n<div class=\"modal-dialog modal-md\" role=\"document\">\n<div class=\"modal-content\">\n                    <button class=\"close \" type=\"button\" data-dismiss=\"modal\" aria-label=\"Close\"><br \/>\n                        <span aria-hidden=\"true\"><i class=\"fas fa-times\"><\/i><\/span><br \/>\n                    <\/button><\/p>\n<div class=\"modal-body\">\n<div class=\"container\">\n<div class=\"dp\">\n                                <img decoding=\"async\" src=\"\/wp-content\/themes\/iesaa\/assets\/img\/dp\/joaol.jpg\" alt=\"\">\n                            <\/div>\n<h3 class=\"portfolio-modal-title text-primary text-uppercase mt-3 mb-4 text-center\"> Jo\u00e3o<br \/>\n                                Herm\u00ednio Ninitas Lagarto<\/h2>\n<p class=\"text-justify\">\n                                    Jo\u00e3o Lagarto nasceu em Lisboa, Portugal. \u00c9 doutorado em Sistemas Sustent\u00e1veis de Energia pelo Instituto Superior T\u00e9cnico da Universidade de Lisboa no \u00e2mbito do programa MIT-Portugal e \u00e9 investigador do INESC-ID. Det\u00e9m uma licenciatura de 5 anos em Engenharia Eletrot\u00e9cnica pelo Instituto Superior de Engenharia de Lisboa. \u00c9 Professor Adjunto na \u00c1rea Departamental de Engenharia Eletrot\u00e9cnica, Energia e Automa\u00e7\u00e3o do Instituto Superior de Engenharia de Lisboa onde leciona unidades curriculares relacionadas com sistemas de pot\u00eancia. Seus interesses de investiga\u00e7\u00e3o est\u00e3o relacionados com a economia dos sistemas de pot\u00eancia e mercados de energia el\u00e9trica.\n                                <\/p>\n<\/p><\/div>\n<\/p><\/div>\n<\/p><\/div>\n<\/p><\/div>\n<\/p><\/div>\n<div class=\"portfolio-modal modal fade\" id=\"bio-sergiomrf\" tabindex=\"-1\" role=\"dialog\"\n            aria-labelledby=\"portfolioModal6Label\" aria-hidden=\"true\"><\/p>\n<div class=\"modal-dialog modal-md\" role=\"document\">\n<div class=\"modal-content\">\n                    <button class=\"close \" type=\"button\" data-dismiss=\"modal\" aria-label=\"Close\"><br \/>\n                        <span aria-hidden=\"true\"><i class=\"fas fa-times\"><\/i><\/span><br \/>\n                    <\/button><\/p>\n<div class=\"modal-body\">\n<div class=\"container\">\n<div class=\"dp\">\n                                <img decoding=\"async\" src=\"\/wp-content\/themes\/iesaa\/assets\/img\/dp\/sergiofaias.jpg\" alt=\"\">\n                            <\/div>\n<h3 class=\"portfolio-modal-title text-primary text-uppercase mt-3 mb-4 text-center\"> S\u00e9rgio<br \/>\n                                Faias <\/h2>\n<p class=\"text-justify\">\n                                    S\u00e9rgio Faias \u00e9 Doutorado em Engenharia Eletrot\u00e9cnica e de Computadores e Mestre em Engenharia Mec\u00e2nica pelo Instituto Superior T\u00e9cnico (IST-UTL), possui ainda licenciatura e bacharelato em Engenharia Eletromec\u00e2nica, pelo Instituto Polit\u00e9cnico de Set\u00fabal. \u00c9 professor na Sec\u00e7\u00e3o de Sistemas de Energia do Instituto Superior de Engenharia de Lisboa (ISEL), desde 2001. De 2012 a 2016, desempenhou fun\u00e7\u00f5es de Especialista na Dire\u00e7\u00e3o de Redes e Infraestruturas da Entidade Reguladora dos Servi\u00e7os Energ\u00e9ticos (ERSE). De 2014 a 2016, foi coordenador da Task Force for Energy Quality of Supply and Smart Grids do Conselho Europeu de Reguladores de Energia (CEER), Bruxelas. Desde 2017, \u00e9 presidente do Conselho Fiscal da Cercizimbra, uma cooperativa social, fundada em 1976, que se dedica \u00e0 educa\u00e7\u00e3o e acompanhamento ao longo da vida de cerca de 1.200 crian\u00e7as, jovens e adultos, portadores de defici\u00eancia f\u00edsica e mental. Desde 2018, assume as fun\u00e7\u00f5es de presidente da Assembleia Geral da Liga dos Amigos de Sesimbra, uma associa\u00e7\u00e3o sem fins lucrativos, fundada em 1951, que se dedica ao desenvolvimento cultural, social e econ\u00f3mico da regi\u00e3o de Sesimbra. Atualmente \u00e9 presidente do Conselho de Administra\u00e7\u00e3o da Docapesca \u2013 Portos e Lotas S.A., a autoridade portu\u00e1ria respons\u00e1vel pela gest\u00e3o dos portos de pesca, marinas e portos de recreio em Portugal continental. De 2016 a 2020, desempenhou fun\u00e7\u00f5es de vogal do Conselho de Administra\u00e7\u00e3o, respons\u00e1vel pelas dire\u00e7\u00f5es de Infraestruturas, Sistemas de Informa\u00e7\u00e3o, Seguran\u00e7a e Manuten\u00e7\u00e3o e as cinco delega\u00e7\u00f5es regionais.\n                                <\/p>\n<\/p><\/div>\n<\/p><\/div>\n<\/p><\/div>\n<\/p><\/div>\n<\/p><\/div>\n<div class=\"portfolio-modal modal fade\" id=\"bio-himatlalp\" tabindex=\"-1\" role=\"dialog\"\n            aria-labelledby=\"portfolioModal6Label\" aria-hidden=\"true\"><\/p>\n<div class=\"modal-dialog modal-md\" role=\"document\">\n<div class=\"modal-content\">\n                    <button class=\"close \" type=\"button\" data-dismiss=\"modal\" aria-label=\"Close\"><br \/>\n                        <span aria-hidden=\"true\"><i class=\"fas fa-times\"><\/i><\/span><br \/>\n                    <\/button><\/p>\n<div class=\"modal-body\">\n<div class=\"container\">\n<div class=\"dp\">\n                                <img decoding=\"async\" src=\"\/wp-content\/themes\/iesaa\/assets\/img\/dp\/himatlalp.jpg\" alt=\"\">\n                            <\/div>\n<h3 class=\"portfolio-modal-title text-primary text-uppercase mt-3 mb-4 text-center\">\n                                Himatlal<br \/>\n                                Parshotam <\/h2>\n<p class=\"text-justify\">\n                                    Himatlal Parshotam Modi nasceu em Louren\u00e7o Marques (atual Maputo), Mo\u00e7ambique. Atualmente est\u00e1 aposentado. Dedicou a maior parte da sua atividade empresarial na \u00e1rea dos t\u00eaxteis. A sua colabora\u00e7\u00e3o na Comunidade Hindu de Maputo remonta desde a sua juventude, tendo chegado a desempenhar as fun\u00e7\u00f5es de Secret\u00e1rio, Presidente do Conselho Fiscal e Membro do Conselho Consultivo. Gosta de estar rodeado da fam\u00edlia e como hobbies gostar de ler e ver document\u00e1rios.\n                                <\/p>\n<\/p><\/div>\n<\/p><\/div>\n<\/p><\/div>\n<\/p><\/div>\n<\/p><\/div>\n<div class=\"portfolio-modal modal fade\" id=\"bio-anjalia\" tabindex=\"-1\" role=\"dialog\"\n            aria-labelledby=\"portfolioModal6Label\" aria-hidden=\"true\"><\/p>\n<div class=\"modal-dialog modal-md\" role=\"document\">\n<div class=\"modal-content\">\n                    <button class=\"close \" type=\"button\" data-dismiss=\"modal\" aria-label=\"Close\"><br \/>\n                        <span aria-hidden=\"true\"><i class=\"fas fa-times\"><\/i><\/span><br \/>\n                    <\/button><\/p>\n<div class=\"modal-body\">\n<div class=\"container\">\n<div class=\"dp\">\n                                <img decoding=\"async\" src=\"\/wp-content\/themes\/iesaa\/assets\/img\/dp\/anjalia.jpg\" alt=\"\">\n                            <\/div>\n<h3 class=\"portfolio-modal-title text-primary text-uppercase mt-3 mb-4 text-center\">Anjali<br \/>\n                                Ariscrisna <\/h2>\n<p class=\"text-justify\">\n                                    Anjali \u00e9 um jovem profissional de marketing com uma \u00e1vida vis\u00e3o para o futuro, repleta de paix\u00e3o, entusiasmo e perseveran\u00e7a adquirida atrav\u00e9s de uma ampla gama de responsabilidades, como o desenvolvimento e gest\u00e3o de estrat\u00e9gias de marketing offline e online, cria\u00e7\u00e3o de conte\u00fado digital, marketing copywriting, estrat\u00e9gias de gera\u00e7\u00e3o de leads, reporting, marketing direto e branding. Parte hedonista, estudante e viajante da vida, a Anjali \u00e9 sens\u00edvel a detalhes e observa como tal. As suas paix\u00f5es e interesses variam entre o ar livre, media, comunica\u00e7\u00e3o, arte, viagens, hospitalidade, culin\u00e1ria, design, beleza e decora\u00e7\u00e3o.\n                                <\/p>\n<\/p><\/div>\n<\/p><\/div>\n<\/p><\/div>\n<\/p><\/div>\n<\/p><\/div>\n<div class=\"portfolio-modal modal fade\" id=\"bio-anterom\" tabindex=\"-1\" role=\"dialog\"\n            aria-labelledby=\"portfolioModal6Label\" aria-hidden=\"true\"><\/p>\n<div class=\"modal-dialog modal-md\" role=\"document\">\n<div class=\"modal-content\">\n                    <button class=\"close \" type=\"button\" data-dismiss=\"modal\" aria-label=\"Close\"><br \/>\n                        <span aria-hidden=\"true\"><i class=\"fas fa-times\"><\/i><\/span><br \/>\n                    <\/button><\/p>\n<div class=\"modal-body\">\n<div class=\"container\">\n<div class=\"dp\">\n                                <img decoding=\"async\" src=\"\/wp-content\/themes\/iesaa\/assets\/img\/dp\/anterom.jpg\" alt=\"\">\n                            <\/div>\n<h3 class=\"portfolio-modal-title text-primary text-uppercase mt-3 mb-4 text-center\">Antero<br \/>\n                                Marques<\/h2>\n<p class=\"text-justify\">\n                                    Antero Marques nasceu na Guarda (Pousade), Portugal. Licenciou-se em Finan\u00e7as pelo Instituto Superior de Economia de Lisboa, Universidade T\u00e9cnica em 1979. De entre um vasto percurso na \u00e1rea das Finan\u00e7as, salientam-se algumas atividades mais recentes. Foi s\u00f3cio-gerente de uma empresa de Servi\u00e7os de Gest\u00e3o. Foi Acionista Fundador e Administrador de duas Sociedades An\u00f3nimas em Mo\u00e7ambique. Atualmente, \u00e9 membro do Conselho Fiscal de diversas empresas e procurador de uma empresa de Capitais Italianos. Tem gosto pela leitura, m\u00fasica e de estar rodeado dos seus netos.\n                                <\/p>\n<\/p><\/div>\n<\/p><\/div>\n<\/p><\/div>\n<\/p><\/div>\n<\/p><\/div>\n<div class=\"portfolio-modal modal fade\" id=\"bio-josems\" tabindex=\"-1\" role=\"dialog\"\n            aria-labelledby=\"portfolioModal6Label\" aria-hidden=\"true\"><\/p>\n<div class=\"modal-dialog modal-md\" role=\"document\">\n<div class=\"modal-content\">\n                    <button class=\"close \" type=\"button\" data-dismiss=\"modal\" aria-label=\"Close\"><br \/>\n                        <span aria-hidden=\"true\"><i class=\"fas fa-times\"><\/i><\/span><br \/>\n                    <\/button><\/p>\n<div class=\"modal-body\">\n<div class=\"container\">\n<h3 class=\"portfolio-modal-title text-primary text-uppercase mt-3 mb-4 text-center\">Jos\u00e9<br \/>\n                                Manuel Sim\u00f5es<\/h2>\n<p class=\"text-justify\">\n                                    Jos\u00e9 Sim\u00f5es nasceu em Coentral, Castanheira de Pera. \u00c9 licenciado em Engenharia Mec\u00e2nica e Mestre em Gest\u00e3o de Projetos. Atualmente \u00e9 Professor Adjunto no Instituto Superior de Engenharia de Lisboa. Foi empres\u00e1rio nas \u00e1reas de Ensino Particular, da Metalomec\u00e2nica, da Constru\u00e7\u00e3o Civil e de Publicidade e Brindes.\n                                <\/p>\n<\/p><\/div>\n<\/p><\/div>\n<\/p><\/div>\n<\/p><\/div>\n<\/p><\/div>\n<div class=\"portfolio-modal modal fade\" id=\"bio-josea\" tabindex=\"-1\" role=\"dialog\"\n            aria-labelledby=\"portfolioModal6Label\" aria-hidden=\"true\"><\/p>\n<div class=\"modal-dialog modal-md\" role=\"document\">\n<div class=\"modal-content\">\n                    <button class=\"close \" type=\"button\" data-dismiss=\"modal\" aria-label=\"Close\"><br \/>\n                        <span aria-hidden=\"true\"><i class=\"fas fa-times\"><\/i><\/span><br \/>\n                    <\/button><\/p>\n<div class=\"modal-body\">\n<div class=\"container\">\n<div class=\"dp\">\n                                <img decoding=\"async\" src=\"\/wp-content\/themes\/iesaa\/assets\/img\/dp\/josea.jpg\" alt=\"\">\n                            <\/div>\n<h3 class=\"portfolio-modal-title text-primary text-uppercase mt-3 mb-4 text-center\">Jos\u00e9<br \/>\n                                Agostinho <\/h2>\n<p class=\"text-justify\">\n                                    Jos\u00e9 Agostinho nasceu em Silves, Portugal. \u00c9 licenciado em Gest\u00e3o e Organiza\u00e7\u00e3o de Empresas, pelo Instituto Superior de Economia e Gest\u00e3o (ISEG), fez um curso de Advanced Management  em INSEAD &#8211; Business School em Fran\u00e7a, tem  forma\u00e7\u00e3o profissional diversa na \u00e1rea de auditoria interna e externa, reporting e  controlo de gest\u00e3o, trabalhou como auditor consultor Externo na empresa Arthur Young, foi chefe dos Servi\u00e7os Administrativos e Financeiros na Tecnicar Lda, foi chefe do Departamento de Auditoria Interna  no grupo ITT em Portugal (Standard El\u00e9trica, P\u00e1ginas Amarelas, Hotel Sheraton, Oliva Ind\u00fastrias, Oliva Comercial e neste \u00e2mbito realizou trabalhos em Portugal, Espanha e Brasil. Foi Reporting Manager  e Controller na Standard El\u00e9trica, foi Financial Manager na Alcatel Portugal, foi Diretor Financeiro na Alcatel Comunica\u00e7\u00e3o de Empresas SA, na ISnexti SA, na Nextiraone Portugal SA e Diretor de Controlo de Gest\u00e3o na Dimension Data Portugal SA. Atualmente est\u00e1 oficialmente reformado, mas realiza alguns trabalhos de consultoria empresarial. Ele gosta de viajar e conhecer outras culturas.  Os seus hobbies favoritos s\u00e3o a agricultura biol\u00f3gica, e a escultura em pedra e madeira. Em termos de desporto pratica t\u00eanis, ciclismo e caminhada, e um pouco de golf.\n                                <\/p>\n<\/p><\/div>\n<\/p><\/div>\n<\/p><\/div>\n<\/p><\/div>\n<\/p><\/div>\n<\/section>\n<hr \/>\n<section class=\"page-section\" id=\"vision\">\n<div class=\"container\">\n<h3 class=\"m-4 mt-md-0 text-center\">Vis\u00e3o<\/h3>\n<div class=\"row\">\n<div class=\"col-md-8 offset-md-2\">\n<p class=\"text-justify\">\n                        A Associa\u00e7\u00e3o Indo-Europeia de Ci\u00eancias e Artes (AIECA) pretende ser uma associa\u00e7\u00e3o de refer\u00eancia na sociedade no \u00e2mbito da sua interven\u00e7\u00e3o. Pretendemos desenvolver respostas adequadas que v\u00e3o ao encontro das necessidades do p\u00fablico AIECA e da popula\u00e7\u00e3o em geral. A AICA pretende ainda estar envolvido na conce\u00e7\u00e3o de novas pol\u00edticas e orienta\u00e7\u00f5es no \u00e2mbito das \u00e1reas de sua interven\u00e7\u00e3o.\n                    <\/p>\n<\/p><\/div>\n<\/p><\/div>\n<\/p><\/div>\n<\/section>\n<hr \/>\n<section class=\"page-section\" id=\"mission\">\n<div class=\"container\">\n<h3 class=\"m-4 mt-md-0 text-center\">Miss\u00e3o<\/h3>\n<div class=\"row\">\n<div class=\"col-md-8 offset-md-2\">\n<p class=\"text-justify\">\n                        A Associa\u00e7\u00e3o Indo-Europeia de Ci\u00eancia e Artes (AIECA) pretende criar uma plataforma de colabora\u00e7\u00e3o entre entidades nacionais e internacionais para estreitar as rela\u00e7\u00f5es entre Portugal, a Europa e a \u00cdndia ao n\u00edvel do desenvolvimento e divulga\u00e7\u00e3o da investiga\u00e7\u00e3o cient\u00edfica e da cria\u00e7\u00e3o art\u00edstica nas suas mais diversificadas \u00e1reas.\n                    <\/p>\n<\/p><\/div>\n<\/p><\/div>\n<\/p><\/div>\n<\/section>\n<hr \/>\n<section class=\"page-section\" id=\"objectives\">\n<div class=\"container-fluid\">\n<h3 class=\"m-4 mt-md-0 text-center\">Objetivos<\/h3>\n<p class=\"text-center\">\n                Para a prossecu\u00e7\u00e3o do seu objeto, a Associa\u00e7\u00e3o prop\u00f5e-se, entre outros a:\n            <\/p>\n<div class=\"swiper-container objectiveswiper\">\n<div class=\"swiper-wrapper\">\n<div class=\"swiper-slide my-md-5 mt-xl-0\" data-aos=\"fade-right\">\n<div class=\"desc2\">\n<h2 class=\"text-secondary text-center\">1.<\/h2>\n<p class=\"text-justify\">Promover e cooperar com organismos p\u00fablicos e privados, nacionais e internacionais com vista ao desenvolvimento econ\u00f3mico e estrat\u00e9gico de pol\u00edticas de fomento da investiga\u00e7\u00e3o em diversos dom\u00ednios, da ci\u00eancia, das artes e da cultura;<\/p>\n<\/p><\/div>\n<\/p><\/div>\n<div class=\"swiper-slide my-md-5 mt-xl-0\" data-aos=\"fade-right\">\n<div class=\"desc2\">\n<h2 class=\"text-secondary text-center\">2.<\/h2>\n<p class=\"text-justify\">\n                                Promover a organiza\u00e7\u00e3o de eventos cient\u00edficos, de cria\u00e7\u00e3o art\u00edstica ou outros relacionados com a divulga\u00e7\u00e3o da ci\u00eancia, das artes e da cultura;\n                            <\/p>\n<\/p><\/div>\n<\/p><\/div>\n<div class=\"swiper-slide my-md-5 mt-xl-0\" data-aos=\"fade-right\">\n<div class=\"desc2\">\n<h2 class=\"text-secondary text-center\">3.<\/h2>\n<p class=\"text-justify\">\n                                Fomentar as rela\u00e7\u00f5es externas, no dom\u00ednio das pol\u00edticas de organiza\u00e7\u00e3o de a\u00e7\u00f5es enquadradas no \u00e2mbito da ci\u00eancia, das artes e da cultura, em especial, eventos formativos e informativos.\n                            <\/p>\n<\/p><\/div>\n<\/p><\/div>\n<div class=\"swiper-slide my-md-5 mt-xl-0\" data-aos=\"fade-right\">\n<div class=\"desc2\">\n<h2 class=\"text-secondary text-center\">4.<\/h2>\n<p class=\"text-justify\">\n                                Promover a\u00e7\u00f5es de transfer\u00eancia de conhecimento.\n                            <\/p>\n<\/p><\/div>\n<\/p><\/div>\n<div class=\"swiper-slide my-md-5 mt-xl-0\" data-aos=\"fade-right\">\n<div class=\"desc2\">\n<h2 class=\"text-secondary text-center\">5.<\/h2>\n<p class=\"text-justify\">\n                                Apoiar pessoas individuais ou coletivas no \u00e2mbito do objeto social da Associa\u00e7\u00e3o.\n                            <\/p>\n<\/p><\/div>\n<\/p><\/div>\n<div class=\"swiper-slide my-md-5 mt-xl-0\" data-aos=\"fade-right\">\n<div class=\"desc2\">\n<h2 class=\"text-secondary text-center\">6.<\/h2>\n<p class=\"text-justify\">\n                                Encorajar o interc\u00e2mbio entre Portugal, Europa e \u00cdndia, no que respeita \u00e0 partilha de informa\u00e7\u00f5es, ideias e experi\u00eancias de interesse comum, assumindo nomeadamente um papel de liga\u00e7\u00e3o aos pa\u00edses de l\u00edngua oficial portuguesa no mundo.\n                            <\/p>\n<\/p><\/div>\n<\/p><\/div>\n<div class=\"swiper-slide my-md-5 mt-xl-0\" data-aos=\"fade-right\">\n<div class=\"desc2\">\n<h2 class=\"text-secondary text-center\">7.<\/h2>\n<p class=\"text-justify\">\n                                Cria\u00e7\u00e3o de redes de trabalho entre as equipas nacionais e internacionais.\n                            <\/p>\n<\/p><\/div>\n<\/p><\/div>\n<div class=\"swiper-slide my-md-5 mt-xl-0\" data-aos=\"fade-right\">\n<div class=\"desc2\">\n<h2 class=\"text-secondary text-center\">8.<\/h2>\n<p class=\"text-justify\">\n                                A realiza\u00e7\u00e3o de projetos de solidariedade social.\n                            <\/p>\n<\/p><\/div>\n<\/p><\/div>\n<\/p><\/div>\n<div class=\"swiper-pagination\"><\/div>\n<div class=\"swiper-button-next\"><\/div>\n<div class=\"swiper-button-prev\"><\/div>\n<\/p><\/div>\n<\/p><\/div>\n<\/section>\n<section class=\"page-section\" id=\"bylaws\">\n<div class=\"container\">\n<h3 class=\"m-4 mt-md-0 text-center\">Estatutos<\/h3>\n<div class=\"row\">\n<div class=\"col-md-8 offset-md-2\">\n<p class=\"text-center\">\n                        <a href=\"\/wp-content\/uploads\/2021\/05\/Bylaws_IESAA_AIECA.pdf\" target=\"_blank\" rel=\"noopener\">AIECA Estatutos (PDF)<\/a>\n                    <\/p>\n<\/p><\/div>\n<\/p><\/div>\n<\/p><\/div>\n<\/section>\n<\/div>\n","protected":false},"excerpt":{"rendered":"<p>Quem somos N\u00f3s promovemos &bull;transfer\u00eancia de conhecimento &bull;coopera\u00e7\u00e3o &bull;troca de ideias &bull;projetos de solidariedade social &bull;ci\u00eancia, artes e cultura A Associa\u00e7\u00e3o Indo-Europeia de Ci\u00eancias e Artes (AIECA) \u00e9 uma associa\u00e7\u00e3o sem fins lucrativos e que tem como objeto social, promover o desenvolvimento e a divulga\u00e7\u00e3o da investiga\u00e7\u00e3o cient\u00edfica, tecnol\u00f3gica e art\u00edstica nas diversas \u00e1reas em &hellip; <\/p>\n<p class=\"link-more\"><a href=\"https:\/\/iesaa.eu\/pt\/sobre-nos\/\" class=\"more-link\">Continue reading<span class=\"screen-reader-text\"> &#8220;Sobre n\u00f3s&#8221;<\/span><\/a><\/p>\n","protected":false},"author":3,"featured_media":0,"parent":0,"menu_order":0,"comment_status":"closed","ping_status":"closed","template":"","meta":{"footnotes":""},"class_list":["post-12","page","type-page","status-publish","hentry"],"_links":{"self":[{"href":"https:\/\/iesaa.eu\/pt\/wp-json\/wp\/v2\/pages\/12","targetHints":{"allow":["GET"]}}],"collection":[{"href":"https:\/\/iesaa.eu\/pt\/wp-json\/wp\/v2\/pages"}],"about":[{"href":"https:\/\/iesaa.eu\/pt\/wp-json\/wp\/v2\/types\/page"}],"author":[{"embeddable":true,"href":"https:\/\/iesaa.eu\/pt\/wp-json\/wp\/v2\/users\/3"}],"replies":[{"embeddable":true,"href":"https:\/\/iesaa.eu\/pt\/wp-json\/wp\/v2\/comments?post=12"}],"version-history":[{"count":20,"href":"https:\/\/iesaa.eu\/pt\/wp-json\/wp\/v2\/pages\/12\/revisions"}],"predecessor-version":[{"id":47,"href":"https:\/\/iesaa.eu\/pt\/wp-json\/wp\/v2\/pages\/12\/revisions\/47"}],"wp:attachment":[{"href":"https:\/\/iesaa.eu\/pt\/wp-json\/wp\/v2\/media?parent=12"}],"curies":[{"name":"wp","href":"https:\/\/api.w.org\/{rel}","templated":true}]}}